{"id":5810,"date":"2017-02-16T11:33:58","date_gmt":"2017-02-16T08:33:58","guid":{"rendered":"https:\/\/www.enka.com\/foundation\/schools\/istanbul\/kayit-kabul\/registration-process\/"},"modified":"2026-03-06T14:10:26","modified_gmt":"2026-03-06T11:10:26","slug":"kayit-islemleri","status":"publish","type":"page","link":"https:\/\/www.enka.k12.tr\/istanbul\/tr\/kayit-kabul\/kayit-islemleri\/","title":{"rendered":"KAYIT \u0130\u015eLEMLER\u0130"},"content":{"rendered":"<div class=\"wpb-content-wrapper\"><p>[vc_row gap=&#8221;30&#8243; padding_top=&#8221;40px&#8221; padding_bottom=&#8221;40px&#8221; padding_left=&#8221;10px&#8221; padding_right=&#8221;10px&#8221; bg_type=&#8221;bg_color&#8221; bg_color_value=&#8221;rgba(247,247,247,0.8)&#8221;][vc_column padding_right=&#8221;10px&#8221;][vc_column_text css_animation=&#8221;appear&#8221;]<\/p>\n<p style=\"text-align: center;\"><span style=\"color: #000000; font-size: 24pt;\"><strong>T.C.<\/strong><\/span><br \/>\n<span style=\"color: #000000; font-size: 24pt;\"><strong>\u0130stanbul Valili\u011fi <\/strong><\/span><br \/>\n<span style=\"color: #000000; font-size: 24pt;\"><strong>\u00d6zel ENKA Okullar\u0131<\/strong><\/span><\/p>\n<p style=\"text-align: center;\"><span style=\"font-size: 24pt;\"><b>2026-2027<\/b><\/span><\/p>\n<p style=\"text-align: center;\"><span style=\"font-size: 24pt;\"><b>E\u011e\u0130T\u0130M \u00d6\u011eRET\u0130M YILI KAYIT \u0130\u015eLEMLER\u0130<\/b><\/span><\/p>\n<p style=\"text-align: justify;\"><span style=\"font-size: 14pt;\">De\u011ferli Veliler,<\/span><\/p>\n<p style=\"text-align: justify;\"><span style=\"font-size: 14pt;\">Okulumuz \u00f6\u011frencilerinin <strong>2026-2027<\/strong> e\u011fitim \u00f6\u011fretim y\u0131l\u0131na ait kay\u0131t yenileme s\u00fcreci online olarak ger\u00e7ekle\u015ftirilecektir.<\/span><\/p>\n<p style=\"text-align: justify;\"><span style=\"font-size: 14pt;\">Ba\u011flant\u0131: <a href=\"https:\/\/kayit.enka.k12.tr\">https:\/\/kayit.enka.k12.tr<\/a><\/span><\/p>\n<hr \/>\n<p><span style=\"font-size: 14pt;\"><strong>2026-2027\u00a0<\/strong>e\u011fitim \u00f6\u011fretim y\u0131l\u0131\u00a0kay\u0131t takviminde her Okul i\u00e7in kay\u0131t tarihleri belirlenmi\u015ftir. Kay\u0131t takviminde belirtilen tarihlerde\u00a0\u00e7ocu\u011funuza ait T.C. kimlik numaras\u0131 ve veli cep telefonu bilgilerini kullanarak sisteme eri\u015fip, s\u0131ras\u0131 ile FORM 1\u2019den ba\u015flayarak formlar\u0131 doldurup, kay\u0131t yenileme i\u015flemini ger\u00e7ekle\u015ftirebilirsiniz.<\/span><\/p>\n<p><span style=\"font-size: 14pt;\"><strong>8. s\u0131n\u0131ftan 9. s\u0131n\u0131fa ge\u00e7ecek \u00f6\u011frencilerimizin kay\u0131tlar\u0131 25 Haziran Per\u015fembe g\u00fcn\u00fc ba\u015flay\u0131p 6 Temmuz Pazartesi g\u00fcn\u00fc sona erecektir.<\/strong><\/span><\/p>\n<p><span style=\"font-size: 14pt;\">Formlar, elektronik olarak tasarlanm\u0131\u015f dinamik formlard\u0131r.<span style=\"text-decoration: underline;\"> L\u00fctfen girdi\u011finiz bilgilerin do\u011frulu\u011fundan emin olmadan <strong>G\u00d6NDER<\/strong> butonunu t\u0131klamay\u0131n\u0131z.<\/span> <strong>FORM 1<\/strong>\u2019den ba\u015flayarak s\u0131ras\u0131yla FORM 8\u2019e kadar b\u00fct\u00fcn formlar\u0131 doldurup, kay\u0131t i\u015flemini ger\u00e7ekle\u015ftirebilirsiniz. T\u00fcm formlar\u0131 tamamlad\u0131ktan sonra, \u201cSay\u0131n Velimiz, b\u00fct\u00fcn formlar tamamlanm\u0131\u015ft\u0131r. L\u00fctfen mail kutunuzu kontrol ediniz. Te\u015fekk\u00fcr ederiz.\u201d uyar\u0131s\u0131 alacaks\u0131n\u0131z.<\/span><\/p>\n<p><span style=\"font-size: 14pt;\">\u00d6deme Se\u00e7ene\u011fi Formu (<strong>FORM 8<\/strong>) doldurulduktan sonra, Mali \u0130\u015fler Birimimiz taraf\u0131ndan sizlere \u00f6deme plan\u0131 ve detayl\u0131 bilgilendirme en k\u0131sa zamanda e-posta yoluyla g\u00f6nderilecektir.<\/span><\/p>\n<p><span style=\"font-size: 14pt;\">Herhangi bir sorunuz olmas\u0131 durumunda l\u00fctfen <strong>Mali \u0130\u015fler Birimi (0212 705 6510)<\/strong> ile ileti\u015fime ge\u00e7iniz.<\/span><\/p>\n<p><span style=\"font-size: 14pt;\">Online formlar aras\u0131ndaki MEB S\u00f6zle\u015fmesi (<strong>FORM 6<\/strong>), \u00f6\u011frencinin anne ve babas\u0131 taraf\u0131ndan ayr\u0131 ayr\u0131 veya vasisi taraf\u0131ndan imzalanacakt\u0131r. <strong>FORM 6<\/strong> ve <strong>FORM 7<\/strong> (\u00d6\u011frenci\u00a0 Muayene\/\u0130zlem Bildirim Formu) doldurulduktan sonra, \u00f6\u011frenci velisi taraf\u0131ndan okula elden teslim edilecektir.<\/span><\/p>\n<p><span style=\"font-size: 14pt;\">Bu y\u00f6ntem do\u011frultusunda i\u015fleme al\u0131nmam\u0131\u015f \u00f6\u011frencilerin kay\u0131tlar\u0131, okul nezdinde\u00a0 tamamlanmam\u0131\u015f say\u0131lacakt\u0131r.<\/span><\/p>\n<p><span style=\"font-size: 14pt;\">2026-2027\u00a0E\u011fitim \u00d6\u011fretim Y\u0131l\u0131 e\u011fitim \u00fccretleri ve \u00f6deme ko\u015fullar\u0131 ile ilgili bilgiyi web sitemizde bulabilirsiniz.<\/span><\/p>\n<p><span style=\"font-size: 14pt;\">\u015eimdiden g\u00f6sterdi\u011finiz ilgi ve i\u015f birli\u011finden dolay\u0131 te\u015fekk\u00fcr ederiz. <\/span><\/p>\n<p><span style=\"font-size: 14pt;\">Sayg\u0131lar\u0131m\u0131zla,<\/span><\/p>\n<p><span style=\"font-size: 14pt;\">ENKA \u0130stanbul Okullar\u0131<\/span>[\/vc_column_text][\/vc_column][\/vc_row][vc_row][vc_column][vc_single_image image=&#8221;39234&#8243; img_size=&#8221;full&#8221;][\/vc_column][\/vc_row]<\/p>\n<\/div>","protected":false},"excerpt":{"rendered":"<p>[vc_row gap=&#8221;30&#8243; padding_top=&#8221;40px&#8221; padding_bottom=&#8221;40px&#8221; padding_left=&#8221;10px&#8221; padding_right=&#8221;10px&#8221; bg_type=&#8221;bg_color&#8221; bg_color_value=&#8221;rgba(247,247,247,0.8)&#8221;][vc_column padding_right=&#8221;10px&#8221;][vc_column_text css_animation=&#8221;appear&#8221;] T.C. \u0130stanbul Valili\u011fi \u00d6zel ENKA Okullar\u0131 2026-2027 E\u011e\u0130T\u0130M \u00d6\u011eRET\u0130M YILI KAYIT \u0130\u015eLEMLER\u0130 De\u011ferli Veliler, Okulumuz \u00f6\u011frencilerinin 2026-2027 e\u011fitim \u00f6\u011fretim y\u0131l\u0131na ait kay\u0131t yenileme s\u00fcreci online olarak ger\u00e7ekle\u015ftirilecektir. Ba\u011flant\u0131: https:\/\/kayit.enka.k12.tr 2026-2027\u00a0e\u011fitim \u00f6\u011fretim y\u0131l\u0131\u00a0kay\u0131t takviminde her Okul i\u00e7in kay\u0131t tarihleri belirlenmi\u015ftir. Kay\u0131t takviminde belirtilen tarihlerde\u00a0\u00e7ocu\u011funuza ait T.C. kimlik numaras\u0131 ve veli cep telefonu bilgilerini kullanarak sisteme eri\u015fip,&#8230;<\/p>\n","protected":false},"author":1,"featured_media":7221,"parent":5545,"menu_order":0,"comment_status":"closed","ping_status":"closed","template":"","meta":{"_acf_changed":false,"om_disable_all_campaigns":false,"inline_featured_image":false,"_monsterinsights_skip_tracking":false,"_monsterinsights_sitenote_active":false,"_monsterinsights_sitenote_note":"","_monsterinsights_sitenote_category":0,"footnotes":""},"class_list":["post-5810","page","type-page","status-publish","has-post-thumbnail","hentry","custom-post-type-entry"],"aioseo_notices":[],"acf":[],"_links":{"self":[{"href":"https:\/\/www.enka.k12.tr\/istanbul\/tr\/wp-json\/wp\/v2\/pages\/5810","targetHints":{"allow":["GET"]}}],"collection":[{"href":"https:\/\/www.enka.k12.tr\/istanbul\/tr\/wp-json\/wp\/v2\/pages"}],"about":[{"href":"https:\/\/www.enka.k12.tr\/istanbul\/tr\/wp-json\/wp\/v2\/types\/page"}],"author":[{"embeddable":true,"href":"https:\/\/www.enka.k12.tr\/istanbul\/tr\/wp-json\/wp\/v2\/users\/1"}],"replies":[{"embeddable":true,"href":"https:\/\/www.enka.k12.tr\/istanbul\/tr\/wp-json\/wp\/v2\/comments?post=5810"}],"version-history":[{"count":2,"href":"https:\/\/www.enka.k12.tr\/istanbul\/tr\/wp-json\/wp\/v2\/pages\/5810\/revisions"}],"predecessor-version":[{"id":39236,"href":"https:\/\/www.enka.k12.tr\/istanbul\/tr\/wp-json\/wp\/v2\/pages\/5810\/revisions\/39236"}],"up":[{"embeddable":true,"href":"https:\/\/www.enka.k12.tr\/istanbul\/tr\/wp-json\/wp\/v2\/pages\/5545"}],"wp:featuredmedia":[{"embeddable":true,"href":"https:\/\/www.enka.k12.tr\/istanbul\/tr\/wp-json\/wp\/v2\/media\/7221"}],"wp:attachment":[{"href":"https:\/\/www.enka.k12.tr\/istanbul\/tr\/wp-json\/wp\/v2\/media?parent=5810"}],"curies":[{"name":"wp","href":"https:\/\/api.w.org\/{rel}","templated":true}]}}